{"id":2412,"date":"2023-05-17T11:25:29","date_gmt":"2023-05-17T09:25:29","guid":{"rendered":"http:\/\/nikitsch.gv.at\/hr\/?page_id=2412"},"modified":"2023-06-05T15:57:39","modified_gmt":"2023-06-05T13:57:39","slug":"leben-in-der-gemeinde","status":"publish","type":"page","link":"https:\/\/nikitsch.gv.at\/hr\/leben-in-der-gemeinde\/","title":{"rendered":"Leben in der Gemeinde"},"content":{"rendered":"\n<p>Die Gemeinde Nikitsch bietet seinen Bewohnern ein umfangreiches Angebot, von jung bis alt. Neben dem neuerbauten Bildungszentrum in Nikitsch, \u00fcber B\u00fcchereien bis hin zum Altersheim Senecura. Aber auch die Betriebe der Gemeinde sorgen f\u00fcr kurze Wege.<\/p>\n\n\n\n<p>Op\u0107ina File\u017e nudi svojim gradjanom \u0161aroliku ponudu. Po\u010deto od najmladjih \u010da do najstarjih se najde ponuda &#8211; po\u010deto od \u010duvarnice, prik bibliotekov \u010da do starala\u010dkoga doma. Zahvaljuju\u0107i brojnim poduze\u0107em u op\u0107ini se i ne mora daleko voziti.<\/p>\n\n\n\n<ul class=\"wp-block-list\">\n<li>\u00c4rztliche Einrichtungen<\/li>\n\n\n\n<li>Bibliotheken<\/li>\n\n\n\n<li>Bildungseinrichtungen<\/li>\n\n\n\n<li><a href=\"http:\/\/nikitsch.senecura.at\/\">Altersheim<\/a><\/li>\n<\/ul>\n\n\n\n<h2 class=\"wp-block-heading\">\u00c4rztliche Einrichtungen<\/h2>\n\n\n\n<figure class=\"wp-block-table is-style-stripes\"><table><tbody><tr><td><a href=\"https:\/\/www.drsomogyi.at\/\" target=\"_blank\" rel=\"noreferrer noopener\">Dr. Mark Somogyi<\/a><\/td><td>Nikitsch, Hauptstra\u00dfe 87<\/td><td>Mo. 07:30-08:00 Labor, 07:30-11:00 Ordination<br>Di. ordinationsfreier Tag<br>Mi. 07:30-11:00 und 15:00-17:00 Ordination<br>Do. 07:30-08:00 Labor, 07:30-11:00 Ordination<br>Fr. 07:30-11:00 und 14:00-16:00 (Berufst\u00e4tige und KInder)<\/td><\/tr><tr><td><\/td><td>Kr. Geresdorf, Bankgasse 4<\/td><td>Mo. 14:30-16:00<\/td><\/tr><\/tbody><\/table><\/figure>\n\n\n\n<h2 class=\"wp-block-heading\">Bibliotheken&nbsp;<\/h2>\n\n\n\n<figure class=\"wp-block-table is-style-stripes\"><table><tbody><tr><td><a href=\"https:\/\/nikitsch.bvoe.at\/index.php\" target=\"_blank\" rel=\"noreferrer noopener\">Gemeindeb\u00fccherei Nikitsch<\/a><\/td><td>Nikitsch, Hauptstra\u00dfe 117<\/td><td>Freitag sowie jeden 1. Samstag:<br>17:00-19:00<\/td><td><a href=\"http:\/\/www.nikitsch.bvoe.at\/\"><\/a><\/td><\/tr><tr><td><a href=\"https:\/\/kroatischminihof.bvoe.at\/index.php\" target=\"_blank\" rel=\"noreferrer noopener\">Zweisprachige Bibliothek Minihof<\/a><\/td><td>Kr. Minihof,<br>Hauptstra\u00dfe 36<\/td><td>Freitag, Samstag:<br>17:00-20:00<\/td><\/tr><\/tbody><\/table><\/figure>\n","protected":false},"excerpt":{"rendered":"<p>Die Gemeinde Nikitsch bietet seinen Bewohnern ein umfangreiches Angebot, von jung bis alt. Neben dem neuerbauten Bildungszentrum in Nikitsch, \u00fcber B\u00fcchereien bis hin zum Altersheim Senecura. Aber auch die Betriebe der Gemeinde sorgen f\u00fcr kurze Wege. Op\u0107ina File\u017e nudi svojim gradjanom \u0161aroliku ponudu. Po\u010deto od najmladjih \u010da do najstarjih se najde ponuda &#8211; po\u010deto od [&hellip;]<\/p>\n","protected":false},"author":2,"featured_media":0,"parent":0,"menu_order":0,"comment_status":"closed","ping_status":"closed","template":"","meta":{"footnotes":""},"class_list":["post-2412","page","type-page","status-publish","hentry"],"_links":{"self":[{"href":"https:\/\/nikitsch.gv.at\/hr\/wp-json\/wp\/v2\/pages\/2412","targetHints":{"allow":["GET"]}}],"collection":[{"href":"https:\/\/nikitsch.gv.at\/hr\/wp-json\/wp\/v2\/pages"}],"about":[{"href":"https:\/\/nikitsch.gv.at\/hr\/wp-json\/wp\/v2\/types\/page"}],"author":[{"embeddable":true,"href":"https:\/\/nikitsch.gv.at\/hr\/wp-json\/wp\/v2\/users\/2"}],"replies":[{"embeddable":true,"href":"https:\/\/nikitsch.gv.at\/hr\/wp-json\/wp\/v2\/comments?post=2412"}],"version-history":[{"count":3,"href":"https:\/\/nikitsch.gv.at\/hr\/wp-json\/wp\/v2\/pages\/2412\/revisions"}],"predecessor-version":[{"id":2496,"href":"https:\/\/nikitsch.gv.at\/hr\/wp-json\/wp\/v2\/pages\/2412\/revisions\/2496"}],"wp:attachment":[{"href":"https:\/\/nikitsch.gv.at\/hr\/wp-json\/wp\/v2\/media?parent=2412"}],"curies":[{"name":"wp","href":"https:\/\/api.w.org\/{rel}","templated":true}]}}